{"id":5881,"date":"2017-10-02T11:58:39","date_gmt":"2017-10-02T09:58:39","guid":{"rendered":"https:\/\/www.luisdelis.com\/wp-content\/uploads\/2017\/10\/CADENA-PARA-CARTERA-CALAVERAS-Y-\u00d3NIX.-Cadena-cartera-con-nudos-alambrada-de-espinocuentas-de-\u00f3nix-y-cadena-plateada.PORT-4A-2.jpg"},"modified":"2017-10-02T11:58:39","modified_gmt":"2017-10-02T09:58:39","slug":"cadena-para-cartera-calaveras-y-onix-cadena-cartera-con-nudos-alambrada-de-espinocuentas-de-onix-y-cadena-plateada-port-4a-3","status":"inherit","type":"attachment","link":"https:\/\/www.luisdelis.com\/en\/?attachment_id=5881#main","title":{"rendered":"CADENA PARA CARTERA CALAVERAS Y \u00d3NIX. Cadena cartera con nudos alambrada de espino,cuentas de \u00f3nix y cadena plateada.PORT 4A"},"author":3,"featured_media":0,"comment_status":"open","ping_status":"closed","template":"","meta":[],"class_list":["post-5881","attachment","type-attachment","status-inherit","hentry"],"yoast_head":"<!-- This site is optimized with the Yoast SEO plugin v23.8 - https:\/\/yoast.com\/wordpress\/plugins\/seo\/ -->\n<title>CADENA PARA CARTERA CALAVERAS Y \u00d3NIX. Cadena cartera con nudos alambrada de espino,cuentas de \u00f3nix y cadena plateada.PORT 4A &#183; Luis de Lis Ibiza Joyas Artesanales<\/title>\n<meta name=\"robots\" content=\"index, follow, max-snippet:-1, max-image-preview:large, max-video-preview:-1\" \/>\n<link rel=\"canonical\" href=\"https:\/\/www.luisdelis.com\/wp-content\/uploads\/2017\/10\/CADENA-PARA-CARTERA-CALAVERAS-Y-\u00d3NIX.-Cadena-cartera-con-nudos-alambrada-de-espinocuentas-de-\u00f3nix-y-cadena-plateada.PORT-4A-2.jpg\" \/>\n<meta property=\"og:locale\" content=\"en_US\" \/>\n<meta property=\"og:type\" content=\"article\" \/>\n<meta property=\"og:title\" content=\"CADENA PARA CARTERA CALAVERAS Y \u00d3NIX. Cadena cartera con nudos alambrada de espino,cuentas de \u00f3nix y cadena plateada.PORT 4A &#183; Luis de Lis Ibiza Joyas Artesanales\" \/>\n<meta property=\"og:url\" content=\"https:\/\/www.luisdelis.com\/wp-content\/uploads\/2017\/10\/CADENA-PARA-CARTERA-CALAVERAS-Y-\u00d3NIX.-Cadena-cartera-con-nudos-alambrada-de-espinocuentas-de-\u00f3nix-y-cadena-plateada.PORT-4A-2.jpg\" \/>\n<meta property=\"og:site_name\" content=\"Luis de Lis Ibiza Joyas Artesanales\" \/>\n<meta property=\"og:image\" content=\"https:\/\/www.luisdelis.com\/wp-content\/uploads\/2017\/10\/CADENA-PARA-CARTERA-CALAVERAS-Y-\u00d3NIX.-Cadena-cartera-con-nudos-alambrada-de-espinocuentas-de-\u00f3nix-y-cadena-plateada.PORT-4A-2.jpg\" \/>\n\t<meta property=\"og:image:width\" content=\"1024\" \/>\n\t<meta property=\"og:image:height\" content=\"1024\" \/>\n\t<meta property=\"og:image:type\" content=\"image\/jpeg\" \/>\n<meta name=\"twitter:card\" content=\"summary_large_image\" \/>\n<script type=\"application\/ld+json\" class=\"yoast-schema-graph\">{\"@context\":\"https:\/\/schema.org\",\"@graph\":[{\"@type\":\"WebPage\",\"@id\":\"https:\/\/www.luisdelis.com\/wp-content\/uploads\/2017\/10\/CADENA-PARA-CARTERA-CALAVERAS-Y-\u00d3NIX.-Cadena-cartera-con-nudos-alambrada-de-espinocuentas-de-\u00f3nix-y-cadena-plateada.PORT-4A-2.jpg\",\"url\":\"https:\/\/www.luisdelis.com\/wp-content\/uploads\/2017\/10\/CADENA-PARA-CARTERA-CALAVERAS-Y-\u00d3NIX.-Cadena-cartera-con-nudos-alambrada-de-espinocuentas-de-\u00f3nix-y-cadena-plateada.PORT-4A-2.jpg\",\"name\":\"CADENA PARA CARTERA CALAVERAS Y \u00d3NIX. Cadena cartera con nudos alambrada de espino,cuentas de \u00f3nix y cadena plateada.PORT 4A &#183; Luis de Lis Ibiza Joyas Artesanales\",\"isPartOf\":{\"@id\":\"https:\/\/www.luisdelis.com\/#website\"},\"datePublished\":\"2017-10-02T09:58:39+00:00\",\"dateModified\":\"2017-10-02T09:58:39+00:00\",\"breadcrumb\":{\"@id\":\"https:\/\/www.luisdelis.com\/wp-content\/uploads\/2017\/10\/CADENA-PARA-CARTERA-CALAVERAS-Y-\u00d3NIX.-Cadena-cartera-con-nudos-alambrada-de-espinocuentas-de-\u00f3nix-y-cadena-plateada.PORT-4A-2.jpg#breadcrumb\"},\"inLanguage\":\"en-US\",\"potentialAction\":[{\"@type\":\"ReadAction\",\"target\":[\"https:\/\/www.luisdelis.com\/wp-content\/uploads\/2017\/10\/CADENA-PARA-CARTERA-CALAVERAS-Y-\u00d3NIX.-Cadena-cartera-con-nudos-alambrada-de-espinocuentas-de-\u00f3nix-y-cadena-plateada.PORT-4A-2.jpg\"]}]},{\"@type\":\"BreadcrumbList\",\"@id\":\"https:\/\/www.luisdelis.com\/wp-content\/uploads\/2017\/10\/CADENA-PARA-CARTERA-CALAVERAS-Y-\u00d3NIX.-Cadena-cartera-con-nudos-alambrada-de-espinocuentas-de-\u00f3nix-y-cadena-plateada.PORT-4A-2.jpg#breadcrumb\",\"itemListElement\":[{\"@type\":\"ListItem\",\"position\":1,\"name\":\"Inicio\",\"item\":\"https:\/\/www.luisdelis.com\/en\/\"},{\"@type\":\"ListItem\",\"position\":2,\"name\":\"Rock skull wallet chain\",\"item\":\"https:\/\/www.luisdelis.com\/tienda\/colecciones\/colecciones-de-hombre\/free-souls\/cadena-para-cartera-calavera-rock\/\"},{\"@type\":\"ListItem\",\"position\":3,\"name\":\"CADENA PARA CARTERA CALAVERAS Y \u00d3NIX. Cadena cartera con nudos alambrada de espino,cuentas de \u00f3nix y cadena plateada.PORT 4A\"}]},{\"@type\":\"WebSite\",\"@id\":\"https:\/\/www.luisdelis.com\/#website\",\"url\":\"https:\/\/www.luisdelis.com\/\",\"name\":\"Luis de Lis Ibiza Joyas Artesanales\",\"description\":\"Joyas hechas a mano en Ibiza\",\"potentialAction\":[{\"@type\":\"SearchAction\",\"target\":{\"@type\":\"EntryPoint\",\"urlTemplate\":\"https:\/\/www.luisdelis.com\/?s={search_term_string}\"},\"query-input\":{\"@type\":\"PropertyValueSpecification\",\"valueRequired\":true,\"valueName\":\"search_term_string\"}}],\"inLanguage\":\"en-US\"}]}<\/script>\n<!-- \/ Yoast SEO plugin. -->","yoast_head_json":{"title":"CADENA PARA CARTERA CALAVERAS Y \u00d3NIX. Cadena cartera con nudos alambrada de espino,cuentas de \u00f3nix y cadena plateada.PORT 4A &#183; Luis de Lis Ibiza Joyas Artesanales","robots":{"index":"index","follow":"follow","max-snippet":"max-snippet:-1","max-image-preview":"max-image-preview:large","max-video-preview":"max-video-preview:-1"},"canonical":"https:\/\/www.luisdelis.com\/wp-content\/uploads\/2017\/10\/CADENA-PARA-CARTERA-CALAVERAS-Y-\u00d3NIX.-Cadena-cartera-con-nudos-alambrada-de-espinocuentas-de-\u00f3nix-y-cadena-plateada.PORT-4A-2.jpg","og_locale":"en_US","og_type":"article","og_title":"CADENA PARA CARTERA CALAVERAS Y \u00d3NIX. Cadena cartera con nudos alambrada de espino,cuentas de \u00f3nix y cadena plateada.PORT 4A &#183; Luis de Lis Ibiza Joyas Artesanales","og_url":"https:\/\/www.luisdelis.com\/wp-content\/uploads\/2017\/10\/CADENA-PARA-CARTERA-CALAVERAS-Y-\u00d3NIX.-Cadena-cartera-con-nudos-alambrada-de-espinocuentas-de-\u00f3nix-y-cadena-plateada.PORT-4A-2.jpg","og_site_name":"Luis de Lis Ibiza Joyas Artesanales","og_image":[{"width":1024,"height":1024,"url":"https:\/\/www.luisdelis.com\/wp-content\/uploads\/2017\/10\/CADENA-PARA-CARTERA-CALAVERAS-Y-\u00d3NIX.-Cadena-cartera-con-nudos-alambrada-de-espinocuentas-de-\u00f3nix-y-cadena-plateada.PORT-4A-2.jpg","type":"image\/jpeg"}],"twitter_card":"summary_large_image","schema":{"@context":"https:\/\/schema.org","@graph":[{"@type":"WebPage","@id":"https:\/\/www.luisdelis.com\/wp-content\/uploads\/2017\/10\/CADENA-PARA-CARTERA-CALAVERAS-Y-\u00d3NIX.-Cadena-cartera-con-nudos-alambrada-de-espinocuentas-de-\u00f3nix-y-cadena-plateada.PORT-4A-2.jpg","url":"https:\/\/www.luisdelis.com\/wp-content\/uploads\/2017\/10\/CADENA-PARA-CARTERA-CALAVERAS-Y-\u00d3NIX.-Cadena-cartera-con-nudos-alambrada-de-espinocuentas-de-\u00f3nix-y-cadena-plateada.PORT-4A-2.jpg","name":"CADENA PARA CARTERA CALAVERAS Y \u00d3NIX. Cadena cartera con nudos alambrada de espino,cuentas de \u00f3nix y cadena plateada.PORT 4A &#183; Luis de Lis Ibiza Joyas Artesanales","isPartOf":{"@id":"https:\/\/www.luisdelis.com\/#website"},"datePublished":"2017-10-02T09:58:39+00:00","dateModified":"2017-10-02T09:58:39+00:00","breadcrumb":{"@id":"https:\/\/www.luisdelis.com\/wp-content\/uploads\/2017\/10\/CADENA-PARA-CARTERA-CALAVERAS-Y-\u00d3NIX.-Cadena-cartera-con-nudos-alambrada-de-espinocuentas-de-\u00f3nix-y-cadena-plateada.PORT-4A-2.jpg#breadcrumb"},"inLanguage":"en-US","potentialAction":[{"@type":"ReadAction","target":["https:\/\/www.luisdelis.com\/wp-content\/uploads\/2017\/10\/CADENA-PARA-CARTERA-CALAVERAS-Y-\u00d3NIX.-Cadena-cartera-con-nudos-alambrada-de-espinocuentas-de-\u00f3nix-y-cadena-plateada.PORT-4A-2.jpg"]}]},{"@type":"BreadcrumbList","@id":"https:\/\/www.luisdelis.com\/wp-content\/uploads\/2017\/10\/CADENA-PARA-CARTERA-CALAVERAS-Y-\u00d3NIX.-Cadena-cartera-con-nudos-alambrada-de-espinocuentas-de-\u00f3nix-y-cadena-plateada.PORT-4A-2.jpg#breadcrumb","itemListElement":[{"@type":"ListItem","position":1,"name":"Inicio","item":"https:\/\/www.luisdelis.com\/en\/"},{"@type":"ListItem","position":2,"name":"Rock skull wallet chain","item":"https:\/\/www.luisdelis.com\/tienda\/colecciones\/colecciones-de-hombre\/free-souls\/cadena-para-cartera-calavera-rock\/"},{"@type":"ListItem","position":3,"name":"CADENA PARA CARTERA CALAVERAS Y \u00d3NIX. Cadena cartera con nudos alambrada de espino,cuentas de \u00f3nix y cadena plateada.PORT 4A"}]},{"@type":"WebSite","@id":"https:\/\/www.luisdelis.com\/#website","url":"https:\/\/www.luisdelis.com\/","name":"Luis de Lis Ibiza Joyas Artesanales","description":"Joyas hechas a mano en Ibiza","potentialAction":[{"@type":"SearchAction","target":{"@type":"EntryPoint","urlTemplate":"https:\/\/www.luisdelis.com\/?s={search_term_string}"},"query-input":{"@type":"PropertyValueSpecification","valueRequired":true,"valueName":"search_term_string"}}],"inLanguage":"en-US"}]}},"smush":{"stats":{"percent":94.6418025370774,"bytes":2078475,"size_before":2196149,"size_after":117674,"time":0.17,"api_version":"1.0","lossy":false,"keep_exif":0},"sizes":{"woocommerce_thumbnail":{"percent":0,"bytes":0,"size_before":3718,"size_after":3718,"time":0.01},"woocommerce_gallery_thumbnail":{"percent":0,"bytes":0,"size_before":1094,"size_after":1094,"time":0.01},"woocommerce_single":{"percent":0,"bytes":0,"size_before":10135,"size_after":10135,"time":0.01},"thumbnail":{"percent":0,"bytes":0,"size_before":2024,"size_after":2024,"time":0.01},"medium":{"percent":0,"bytes":0,"size_before":4533,"size_after":4533,"time":0.03},"medium_large":{"percent":0,"bytes":0,"size_before":18821,"size_after":18821,"time":0.03},"large":{"percent":11.14,"bytes":3682,"size_before":33042,"size_after":29360,"time":0.03},"shop_thumbnail":{"percent":0,"bytes":0,"size_before":1094,"size_after":1094,"time":0.01},"shop_catalog":{"percent":0,"bytes":0,"size_before":3718,"size_after":3718,"time":0.02},"shop_single":{"percent":0,"bytes":0,"size_before":10135,"size_after":10135,"time":0.01},"full":{"bytes":2074793,"size_before":2107835,"size_after":33042,"percent":98.4}}},"description":{"rendered":"<p class=\"attachment\"><a href='https:\/\/www.luisdelis.com\/wp-content\/uploads\/2017\/10\/CADENA-PARA-CARTERA-CALAVERAS-Y-\u00d3NIX.-Cadena-cartera-con-nudos-alambrada-de-espinocuentas-de-\u00f3nix-y-cadena-plateada.PORT-4A-2.jpg'><img loading=\"lazy\" decoding=\"async\" width=\"300\" height=\"300\" src=\"https:\/\/www.luisdelis.com\/wp-content\/uploads\/2017\/10\/CADENA-PARA-CARTERA-CALAVERAS-Y-\u00d3NIX.-Cadena-cartera-con-nudos-alambrada-de-espinocuentas-de-\u00f3nix-y-cadena-plateada.PORT-4A-2-300x300.jpg\" class=\"attachment-medium size-medium\" alt=\"\" srcset=\"https:\/\/www.luisdelis.com\/wp-content\/uploads\/2017\/10\/CADENA-PARA-CARTERA-CALAVERAS-Y-\u00d3NIX.-Cadena-cartera-con-nudos-alambrada-de-espinocuentas-de-\u00f3nix-y-cadena-plateada.PORT-4A-2-300x300.jpg 300w, https:\/\/www.luisdelis.com\/wp-content\/uploads\/2017\/10\/CADENA-PARA-CARTERA-CALAVERAS-Y-\u00d3NIX.-Cadena-cartera-con-nudos-alambrada-de-espinocuentas-de-\u00f3nix-y-cadena-plateada.PORT-4A-2-247x247.jpg 247w, https:\/\/www.luisdelis.com\/wp-content\/uploads\/2017\/10\/CADENA-PARA-CARTERA-CALAVERAS-Y-\u00d3NIX.-Cadena-cartera-con-nudos-alambrada-de-espinocuentas-de-\u00f3nix-y-cadena-plateada.PORT-4A-2-100x100.jpg 100w, https:\/\/www.luisdelis.com\/wp-content\/uploads\/2017\/10\/CADENA-PARA-CARTERA-CALAVERAS-Y-\u00d3NIX.-Cadena-cartera-con-nudos-alambrada-de-espinocuentas-de-\u00f3nix-y-cadena-plateada.PORT-4A-2-510x510.jpg 510w, https:\/\/www.luisdelis.com\/wp-content\/uploads\/2017\/10\/CADENA-PARA-CARTERA-CALAVERAS-Y-\u00d3NIX.-Cadena-cartera-con-nudos-alambrada-de-espinocuentas-de-\u00f3nix-y-cadena-plateada.PORT-4A-2-150x150.jpg 150w, https:\/\/www.luisdelis.com\/wp-content\/uploads\/2017\/10\/CADENA-PARA-CARTERA-CALAVERAS-Y-\u00d3NIX.-Cadena-cartera-con-nudos-alambrada-de-espinocuentas-de-\u00f3nix-y-cadena-plateada.PORT-4A-2-768x768.jpg 768w, https:\/\/www.luisdelis.com\/wp-content\/uploads\/2017\/10\/CADENA-PARA-CARTERA-CALAVERAS-Y-\u00d3NIX.-Cadena-cartera-con-nudos-alambrada-de-espinocuentas-de-\u00f3nix-y-cadena-plateada.PORT-4A-2.jpg 1024w\" sizes=\"(max-width: 300px) 100vw, 300px\" \/><\/a><\/p>\n"},"caption":{"rendered":""},"alt_text":"","media_type":"image","mime_type":"image\/jpeg","media_details":{"width":1024,"height":1024,"file":"2017\/10\/CADENA-PARA-CARTERA-CALAVERAS-Y-\u00d3NIX.-Cadena-cartera-con-nudos-alambrada-de-espinocuentas-de-\u00f3nix-y-cadena-plateada.PORT-4A-2.jpg","sizes":{"woocommerce_thumbnail":{"file":"CADENA-PARA-CARTERA-CALAVERAS-Y-\u00d3NIX.-Cadena-cartera-con-nudos-alambrada-de-espinocuentas-de-\u00f3nix-y-cadena-plateada.PORT-4A-2-247x247.jpg","width":247,"height":247,"uncropped":true,"mime_type":"image\/jpeg","source_url":"https:\/\/www.luisdelis.com\/wp-content\/uploads\/2017\/10\/CADENA-PARA-CARTERA-CALAVERAS-Y-\u00d3NIX.-Cadena-cartera-con-nudos-alambrada-de-espinocuentas-de-\u00f3nix-y-cadena-plateada.PORT-4A-2-247x247.jpg"},"woocommerce_gallery_thumbnail":{"file":"CADENA-PARA-CARTERA-CALAVERAS-Y-\u00d3NIX.-Cadena-cartera-con-nudos-alambrada-de-espinocuentas-de-\u00f3nix-y-cadena-plateada.PORT-4A-2-100x100.jpg","width":100,"height":100,"mime_type":"image\/jpeg","source_url":"https:\/\/www.luisdelis.com\/wp-content\/uploads\/2017\/10\/CADENA-PARA-CARTERA-CALAVERAS-Y-\u00d3NIX.-Cadena-cartera-con-nudos-alambrada-de-espinocuentas-de-\u00f3nix-y-cadena-plateada.PORT-4A-2-100x100.jpg"},"woocommerce_single":{"file":"CADENA-PARA-CARTERA-CALAVERAS-Y-\u00d3NIX.-Cadena-cartera-con-nudos-alambrada-de-espinocuentas-de-\u00f3nix-y-cadena-plateada.PORT-4A-2-510x510.jpg","width":510,"height":510,"mime_type":"image\/jpeg","source_url":"https:\/\/www.luisdelis.com\/wp-content\/uploads\/2017\/10\/CADENA-PARA-CARTERA-CALAVERAS-Y-\u00d3NIX.-Cadena-cartera-con-nudos-alambrada-de-espinocuentas-de-\u00f3nix-y-cadena-plateada.PORT-4A-2-510x510.jpg"},"thumbnail":{"file":"CADENA-PARA-CARTERA-CALAVERAS-Y-\u00d3NIX.-Cadena-cartera-con-nudos-alambrada-de-espinocuentas-de-\u00f3nix-y-cadena-plateada.PORT-4A-2-150x150.jpg","width":150,"height":150,"mime_type":"image\/jpeg","source_url":"https:\/\/www.luisdelis.com\/wp-content\/uploads\/2017\/10\/CADENA-PARA-CARTERA-CALAVERAS-Y-\u00d3NIX.-Cadena-cartera-con-nudos-alambrada-de-espinocuentas-de-\u00f3nix-y-cadena-plateada.PORT-4A-2-150x150.jpg"},"medium":{"file":"CADENA-PARA-CARTERA-CALAVERAS-Y-\u00d3NIX.-Cadena-cartera-con-nudos-alambrada-de-espinocuentas-de-\u00f3nix-y-cadena-plateada.PORT-4A-2-300x300.jpg","width":300,"height":300,"mime_type":"image\/jpeg","source_url":"https:\/\/www.luisdelis.com\/wp-content\/uploads\/2017\/10\/CADENA-PARA-CARTERA-CALAVERAS-Y-\u00d3NIX.-Cadena-cartera-con-nudos-alambrada-de-espinocuentas-de-\u00f3nix-y-cadena-plateada.PORT-4A-2-300x300.jpg"},"medium_large":{"file":"CADENA-PARA-CARTERA-CALAVERAS-Y-\u00d3NIX.-Cadena-cartera-con-nudos-alambrada-de-espinocuentas-de-\u00f3nix-y-cadena-plateada.PORT-4A-2-768x768.jpg","width":768,"height":768,"mime_type":"image\/jpeg","source_url":"https:\/\/www.luisdelis.com\/wp-content\/uploads\/2017\/10\/CADENA-PARA-CARTERA-CALAVERAS-Y-\u00d3NIX.-Cadena-cartera-con-nudos-alambrada-de-espinocuentas-de-\u00f3nix-y-cadena-plateada.PORT-4A-2-768x768.jpg"},"large":{"file":"CADENA-PARA-CARTERA-CALAVERAS-Y-\u00d3NIX.-Cadena-cartera-con-nudos-alambrada-de-espinocuentas-de-\u00f3nix-y-cadena-plateada.PORT-4A-2-1024x1024.jpg","width":1024,"height":1024,"mime_type":"image\/jpeg","source_url":"https:\/\/www.luisdelis.com\/wp-content\/uploads\/2017\/10\/CADENA-PARA-CARTERA-CALAVERAS-Y-\u00d3NIX.-Cadena-cartera-con-nudos-alambrada-de-espinocuentas-de-\u00f3nix-y-cadena-plateada.PORT-4A-2-1024x1024.jpg"},"shop_thumbnail":{"file":"CADENA-PARA-CARTERA-CALAVERAS-Y-\u00d3NIX.-Cadena-cartera-con-nudos-alambrada-de-espinocuentas-de-\u00f3nix-y-cadena-plateada.PORT-4A-2-100x100.jpg","width":100,"height":100,"mime_type":"image\/jpeg","source_url":"https:\/\/www.luisdelis.com\/wp-content\/uploads\/2017\/10\/CADENA-PARA-CARTERA-CALAVERAS-Y-\u00d3NIX.-Cadena-cartera-con-nudos-alambrada-de-espinocuentas-de-\u00f3nix-y-cadena-plateada.PORT-4A-2-100x100.jpg"},"shop_catalog":{"file":"CADENA-PARA-CARTERA-CALAVERAS-Y-\u00d3NIX.-Cadena-cartera-con-nudos-alambrada-de-espinocuentas-de-\u00f3nix-y-cadena-plateada.PORT-4A-2-247x247.jpg","width":247,"height":247,"uncropped":true,"mime_type":"image\/jpeg","source_url":"https:\/\/www.luisdelis.com\/wp-content\/uploads\/2017\/10\/CADENA-PARA-CARTERA-CALAVERAS-Y-\u00d3NIX.-Cadena-cartera-con-nudos-alambrada-de-espinocuentas-de-\u00f3nix-y-cadena-plateada.PORT-4A-2-247x247.jpg"},"shop_single":{"file":"CADENA-PARA-CARTERA-CALAVERAS-Y-\u00d3NIX.-Cadena-cartera-con-nudos-alambrada-de-espinocuentas-de-\u00f3nix-y-cadena-plateada.PORT-4A-2-510x510.jpg","width":510,"height":510,"mime_type":"image\/jpeg","source_url":"https:\/\/www.luisdelis.com\/wp-content\/uploads\/2017\/10\/CADENA-PARA-CARTERA-CALAVERAS-Y-\u00d3NIX.-Cadena-cartera-con-nudos-alambrada-de-espinocuentas-de-\u00f3nix-y-cadena-plateada.PORT-4A-2-510x510.jpg"},"full":{"file":"CADENA-PARA-CARTERA-CALAVERAS-Y-\u00d3NIX.-Cadena-cartera-con-nudos-alambrada-de-espinocuentas-de-\u00f3nix-y-cadena-plateada.PORT-4A-2.jpg","width":1024,"height":1024,"mime_type":"image\/jpeg","source_url":"https:\/\/www.luisdelis.com\/wp-content\/uploads\/2017\/10\/CADENA-PARA-CARTERA-CALAVERAS-Y-\u00d3NIX.-Cadena-cartera-con-nudos-alambrada-de-espinocuentas-de-\u00f3nix-y-cadena-plateada.PORT-4A-2.jpg"}},"image_meta":{"aperture":"0","credit":"","camera":"","caption":"","created_timestamp":"0","copyright":"","focal_length":"0","iso":"0","shutter_speed":"0","title":"","orientation":"0","keywords":[]}},"post":3823,"source_url":"https:\/\/www.luisdelis.com\/wp-content\/uploads\/2017\/10\/CADENA-PARA-CARTERA-CALAVERAS-Y-\u00d3NIX.-Cadena-cartera-con-nudos-alambrada-de-espinocuentas-de-\u00f3nix-y-cadena-plateada.PORT-4A-2.jpg","_links":{"self":[{"href":"https:\/\/www.luisdelis.com\/en\/wp-json\/wp\/v2\/media\/5881"}],"collection":[{"href":"https:\/\/www.luisdelis.com\/en\/wp-json\/wp\/v2\/media"}],"about":[{"href":"https:\/\/www.luisdelis.com\/en\/wp-json\/wp\/v2\/types\/attachment"}],"author":[{"embeddable":true,"href":"https:\/\/www.luisdelis.com\/en\/wp-json\/wp\/v2\/users\/3"}],"replies":[{"embeddable":true,"href":"https:\/\/www.luisdelis.com\/en\/wp-json\/wp\/v2\/comments?post=5881"}]}}