{"id":5672,"date":"2017-09-11T11:13:56","date_gmt":"2017-09-11T09:13:56","guid":{"rendered":"https:\/\/www.luisdelis.com\/wp-content\/uploads\/2017\/09\/COLLAR-ROSARIO-ANCLA-MARINERA-DE-ONIX-Y-LAVA-VOLC\u00c1NICA.-Rosario-de-Onix-y-Lava-Volc\u00e1nica-Ancla-Marinero-con-Escudo-Alado.COLRO10B.jpg"},"modified":"2017-09-11T11:13:56","modified_gmt":"2017-09-11T09:13:56","slug":"collar-rosario-ancla-marinera-de-onix-y-lava-volcanica-rosario-de-onix-y-lava-volcanica-ancla-marinero-con-escudo-alado-colro10b-2","status":"inherit","type":"attachment","link":"https:\/\/www.luisdelis.com\/en\/?attachment_id=5672#main","title":{"rendered":"COLLAR ROSARIO ANCLA MARINERA DE ONIX Y LAVA VOLC\u00c1NICA. Rosario de Onix y Lava Volc\u00e1nica, Ancla Marinero con Escudo Alado.COLRO10B"},"author":3,"featured_media":0,"comment_status":"open","ping_status":"closed","template":"","meta":[],"class_list":["post-5672","attachment","type-attachment","status-inherit","hentry"],"yoast_head":"<!-- This site is optimized with the Yoast SEO plugin v23.8 - https:\/\/yoast.com\/wordpress\/plugins\/seo\/ -->\n<title>COLLAR ROSARIO ANCLA MARINERA DE ONIX Y LAVA VOLC\u00c1NICA. Rosario de Onix y Lava Volc\u00e1nica, Ancla Marinero con Escudo Alado.COLRO10B &#183; Luis de Lis Ibiza Joyas Artesanales<\/title>\n<meta name=\"robots\" content=\"index, follow, max-snippet:-1, max-image-preview:large, max-video-preview:-1\" \/>\n<link rel=\"canonical\" href=\"https:\/\/www.luisdelis.com\/wp-content\/uploads\/2017\/09\/COLLAR-ROSARIO-ANCLA-MARINERA-DE-ONIX-Y-LAVA-VOLC\u00c1NICA.-Rosario-de-Onix-y-Lava-Volc\u00e1nica-Ancla-Marinero-con-Escudo-Alado.COLRO10B.jpg\" \/>\n<meta property=\"og:locale\" content=\"en_US\" \/>\n<meta property=\"og:type\" content=\"article\" \/>\n<meta property=\"og:title\" content=\"COLLAR ROSARIO ANCLA MARINERA DE ONIX Y LAVA VOLC\u00c1NICA. Rosario de Onix y Lava Volc\u00e1nica, Ancla Marinero con Escudo Alado.COLRO10B &#183; Luis de Lis Ibiza Joyas Artesanales\" \/>\n<meta property=\"og:url\" content=\"https:\/\/www.luisdelis.com\/wp-content\/uploads\/2017\/09\/COLLAR-ROSARIO-ANCLA-MARINERA-DE-ONIX-Y-LAVA-VOLC\u00c1NICA.-Rosario-de-Onix-y-Lava-Volc\u00e1nica-Ancla-Marinero-con-Escudo-Alado.COLRO10B.jpg\" \/>\n<meta property=\"og:site_name\" content=\"Luis de Lis Ibiza Joyas Artesanales\" \/>\n<meta property=\"og:image\" content=\"https:\/\/www.luisdelis.com\/wp-content\/uploads\/2017\/09\/COLLAR-ROSARIO-ANCLA-MARINERA-DE-ONIX-Y-LAVA-VOLC\u00c1NICA.-Rosario-de-Onix-y-Lava-Volc\u00e1nica-Ancla-Marinero-con-Escudo-Alado.COLRO10B.jpg\" \/>\n\t<meta property=\"og:image:width\" content=\"1024\" \/>\n\t<meta property=\"og:image:height\" content=\"1024\" \/>\n\t<meta property=\"og:image:type\" content=\"image\/jpeg\" \/>\n<meta name=\"twitter:card\" content=\"summary_large_image\" \/>\n<script type=\"application\/ld+json\" class=\"yoast-schema-graph\">{\"@context\":\"https:\/\/schema.org\",\"@graph\":[{\"@type\":\"WebPage\",\"@id\":\"https:\/\/www.luisdelis.com\/wp-content\/uploads\/2017\/09\/COLLAR-ROSARIO-ANCLA-MARINERA-DE-ONIX-Y-LAVA-VOLC\u00c1NICA.-Rosario-de-Onix-y-Lava-Volc\u00e1nica-Ancla-Marinero-con-Escudo-Alado.COLRO10B.jpg\",\"url\":\"https:\/\/www.luisdelis.com\/wp-content\/uploads\/2017\/09\/COLLAR-ROSARIO-ANCLA-MARINERA-DE-ONIX-Y-LAVA-VOLC\u00c1NICA.-Rosario-de-Onix-y-Lava-Volc\u00e1nica-Ancla-Marinero-con-Escudo-Alado.COLRO10B.jpg\",\"name\":\"COLLAR ROSARIO ANCLA MARINERA DE ONIX Y LAVA VOLC\u00c1NICA. Rosario de Onix y Lava Volc\u00e1nica, Ancla Marinero con Escudo Alado.COLRO10B &#183; Luis de Lis Ibiza Joyas Artesanales\",\"isPartOf\":{\"@id\":\"https:\/\/www.luisdelis.com\/#website\"},\"datePublished\":\"2017-09-11T09:13:56+00:00\",\"dateModified\":\"2017-09-11T09:13:56+00:00\",\"breadcrumb\":{\"@id\":\"https:\/\/www.luisdelis.com\/wp-content\/uploads\/2017\/09\/COLLAR-ROSARIO-ANCLA-MARINERA-DE-ONIX-Y-LAVA-VOLC\u00c1NICA.-Rosario-de-Onix-y-Lava-Volc\u00e1nica-Ancla-Marinero-con-Escudo-Alado.COLRO10B.jpg#breadcrumb\"},\"inLanguage\":\"en-US\",\"potentialAction\":[{\"@type\":\"ReadAction\",\"target\":[\"https:\/\/www.luisdelis.com\/wp-content\/uploads\/2017\/09\/COLLAR-ROSARIO-ANCLA-MARINERA-DE-ONIX-Y-LAVA-VOLC\u00c1NICA.-Rosario-de-Onix-y-Lava-Volc\u00e1nica-Ancla-Marinero-con-Escudo-Alado.COLRO10B.jpg\"]}]},{\"@type\":\"BreadcrumbList\",\"@id\":\"https:\/\/www.luisdelis.com\/wp-content\/uploads\/2017\/09\/COLLAR-ROSARIO-ANCLA-MARINERA-DE-ONIX-Y-LAVA-VOLC\u00c1NICA.-Rosario-de-Onix-y-Lava-Volc\u00e1nica-Ancla-Marinero-con-Escudo-Alado.COLRO10B.jpg#breadcrumb\",\"itemListElement\":[{\"@type\":\"ListItem\",\"position\":1,\"name\":\"Inicio\",\"item\":\"https:\/\/www.luisdelis.com\/en\/\"},{\"@type\":\"ListItem\",\"position\":2,\"name\":\"Skull rosary necklace on onyx and lava rock beads punk skull\",\"item\":\"https:\/\/www.luisdelis.com\/tienda\/hombre\/rosarios\/semipreciosos\/collar-rosario-calavera-de-onix-y-lava-volcanica-calavera-punk\/\"},{\"@type\":\"ListItem\",\"position\":3,\"name\":\"COLLAR ROSARIO ANCLA MARINERA DE ONIX Y LAVA VOLC\u00c1NICA. Rosario de Onix y Lava Volc\u00e1nica, Ancla Marinero con Escudo Alado.COLRO10B\"}]},{\"@type\":\"WebSite\",\"@id\":\"https:\/\/www.luisdelis.com\/#website\",\"url\":\"https:\/\/www.luisdelis.com\/\",\"name\":\"Luis de Lis Ibiza Joyas Artesanales\",\"description\":\"Joyas hechas a mano en Ibiza\",\"potentialAction\":[{\"@type\":\"SearchAction\",\"target\":{\"@type\":\"EntryPoint\",\"urlTemplate\":\"https:\/\/www.luisdelis.com\/?s={search_term_string}\"},\"query-input\":{\"@type\":\"PropertyValueSpecification\",\"valueRequired\":true,\"valueName\":\"search_term_string\"}}],\"inLanguage\":\"en-US\"}]}<\/script>\n<!-- \/ Yoast SEO plugin. -->","yoast_head_json":{"title":"COLLAR ROSARIO ANCLA MARINERA DE ONIX Y LAVA VOLC\u00c1NICA. Rosario de Onix y Lava Volc\u00e1nica, Ancla Marinero con Escudo Alado.COLRO10B &#183; Luis de Lis Ibiza Joyas Artesanales","robots":{"index":"index","follow":"follow","max-snippet":"max-snippet:-1","max-image-preview":"max-image-preview:large","max-video-preview":"max-video-preview:-1"},"canonical":"https:\/\/www.luisdelis.com\/wp-content\/uploads\/2017\/09\/COLLAR-ROSARIO-ANCLA-MARINERA-DE-ONIX-Y-LAVA-VOLC\u00c1NICA.-Rosario-de-Onix-y-Lava-Volc\u00e1nica-Ancla-Marinero-con-Escudo-Alado.COLRO10B.jpg","og_locale":"en_US","og_type":"article","og_title":"COLLAR ROSARIO ANCLA MARINERA DE ONIX Y LAVA VOLC\u00c1NICA. Rosario de Onix y Lava Volc\u00e1nica, Ancla Marinero con Escudo Alado.COLRO10B &#183; Luis de Lis Ibiza Joyas Artesanales","og_url":"https:\/\/www.luisdelis.com\/wp-content\/uploads\/2017\/09\/COLLAR-ROSARIO-ANCLA-MARINERA-DE-ONIX-Y-LAVA-VOLC\u00c1NICA.-Rosario-de-Onix-y-Lava-Volc\u00e1nica-Ancla-Marinero-con-Escudo-Alado.COLRO10B.jpg","og_site_name":"Luis de Lis Ibiza Joyas Artesanales","og_image":[{"width":1024,"height":1024,"url":"https:\/\/www.luisdelis.com\/wp-content\/uploads\/2017\/09\/COLLAR-ROSARIO-ANCLA-MARINERA-DE-ONIX-Y-LAVA-VOLC\u00c1NICA.-Rosario-de-Onix-y-Lava-Volc\u00e1nica-Ancla-Marinero-con-Escudo-Alado.COLRO10B.jpg","type":"image\/jpeg"}],"twitter_card":"summary_large_image","schema":{"@context":"https:\/\/schema.org","@graph":[{"@type":"WebPage","@id":"https:\/\/www.luisdelis.com\/wp-content\/uploads\/2017\/09\/COLLAR-ROSARIO-ANCLA-MARINERA-DE-ONIX-Y-LAVA-VOLC\u00c1NICA.-Rosario-de-Onix-y-Lava-Volc\u00e1nica-Ancla-Marinero-con-Escudo-Alado.COLRO10B.jpg","url":"https:\/\/www.luisdelis.com\/wp-content\/uploads\/2017\/09\/COLLAR-ROSARIO-ANCLA-MARINERA-DE-ONIX-Y-LAVA-VOLC\u00c1NICA.-Rosario-de-Onix-y-Lava-Volc\u00e1nica-Ancla-Marinero-con-Escudo-Alado.COLRO10B.jpg","name":"COLLAR ROSARIO ANCLA MARINERA DE ONIX Y LAVA VOLC\u00c1NICA. Rosario de Onix y Lava Volc\u00e1nica, Ancla Marinero con Escudo Alado.COLRO10B &#183; Luis de Lis Ibiza Joyas Artesanales","isPartOf":{"@id":"https:\/\/www.luisdelis.com\/#website"},"datePublished":"2017-09-11T09:13:56+00:00","dateModified":"2017-09-11T09:13:56+00:00","breadcrumb":{"@id":"https:\/\/www.luisdelis.com\/wp-content\/uploads\/2017\/09\/COLLAR-ROSARIO-ANCLA-MARINERA-DE-ONIX-Y-LAVA-VOLC\u00c1NICA.-Rosario-de-Onix-y-Lava-Volc\u00e1nica-Ancla-Marinero-con-Escudo-Alado.COLRO10B.jpg#breadcrumb"},"inLanguage":"en-US","potentialAction":[{"@type":"ReadAction","target":["https:\/\/www.luisdelis.com\/wp-content\/uploads\/2017\/09\/COLLAR-ROSARIO-ANCLA-MARINERA-DE-ONIX-Y-LAVA-VOLC\u00c1NICA.-Rosario-de-Onix-y-Lava-Volc\u00e1nica-Ancla-Marinero-con-Escudo-Alado.COLRO10B.jpg"]}]},{"@type":"BreadcrumbList","@id":"https:\/\/www.luisdelis.com\/wp-content\/uploads\/2017\/09\/COLLAR-ROSARIO-ANCLA-MARINERA-DE-ONIX-Y-LAVA-VOLC\u00c1NICA.-Rosario-de-Onix-y-Lava-Volc\u00e1nica-Ancla-Marinero-con-Escudo-Alado.COLRO10B.jpg#breadcrumb","itemListElement":[{"@type":"ListItem","position":1,"name":"Inicio","item":"https:\/\/www.luisdelis.com\/en\/"},{"@type":"ListItem","position":2,"name":"Skull rosary necklace on onyx and lava rock beads punk skull","item":"https:\/\/www.luisdelis.com\/tienda\/hombre\/rosarios\/semipreciosos\/collar-rosario-calavera-de-onix-y-lava-volcanica-calavera-punk\/"},{"@type":"ListItem","position":3,"name":"COLLAR ROSARIO ANCLA MARINERA DE ONIX Y LAVA VOLC\u00c1NICA. Rosario de Onix y Lava Volc\u00e1nica, Ancla Marinero con Escudo Alado.COLRO10B"}]},{"@type":"WebSite","@id":"https:\/\/www.luisdelis.com\/#website","url":"https:\/\/www.luisdelis.com\/","name":"Luis de Lis Ibiza Joyas Artesanales","description":"Joyas hechas a mano en Ibiza","potentialAction":[{"@type":"SearchAction","target":{"@type":"EntryPoint","urlTemplate":"https:\/\/www.luisdelis.com\/?s={search_term_string}"},"query-input":{"@type":"PropertyValueSpecification","valueRequired":true,"valueName":"search_term_string"}}],"inLanguage":"en-US"}]}},"smush":{"stats":{"percent":93.2021698148492,"bytes":1420402,"size_before":1524001,"size_after":103599,"time":0.24000000000000002,"api_version":"1.0","lossy":false,"keep_exif":0},"sizes":{"woocommerce_thumbnail":{"percent":0,"bytes":0,"size_before":3457,"size_after":3457,"time":0.02},"woocommerce_gallery_thumbnail":{"percent":0,"bytes":0,"size_before":1293,"size_after":1293,"time":0.01},"woocommerce_single":{"percent":0,"bytes":0,"size_before":9096,"size_after":9096,"time":0.01},"thumbnail":{"percent":0,"bytes":0,"size_before":1953,"size_after":1953,"time":0.01},"medium":{"percent":0,"bytes":0,"size_before":4486,"size_after":4486,"time":0.03},"medium_large":{"percent":0,"bytes":0,"size_before":16423,"size_after":16423,"time":0.02},"large":{"percent":5.55,"bytes":1515,"size_before":27280,"size_after":25765,"time":0.07},"shop_thumbnail":{"percent":0,"bytes":0,"size_before":1293,"size_after":1293,"time":0.01},"shop_catalog":{"percent":0,"bytes":0,"size_before":3457,"size_after":3457,"time":0.03},"shop_single":{"percent":0,"bytes":0,"size_before":9096,"size_after":9096,"time":0.03},"full":{"bytes":1418887,"size_before":1446167,"size_after":27280,"percent":98.1}}},"description":{"rendered":"<p class=\"attachment\"><a href='https:\/\/www.luisdelis.com\/wp-content\/uploads\/2017\/09\/COLLAR-ROSARIO-ANCLA-MARINERA-DE-ONIX-Y-LAVA-VOLC\u00c1NICA.-Rosario-de-Onix-y-Lava-Volc\u00e1nica-Ancla-Marinero-con-Escudo-Alado.COLRO10B.jpg'><img loading=\"lazy\" decoding=\"async\" width=\"300\" height=\"300\" src=\"https:\/\/www.luisdelis.com\/wp-content\/uploads\/2017\/09\/COLLAR-ROSARIO-ANCLA-MARINERA-DE-ONIX-Y-LAVA-VOLC\u00c1NICA.-Rosario-de-Onix-y-Lava-Volc\u00e1nica-Ancla-Marinero-con-Escudo-Alado.COLRO10B-300x300.jpg\" class=\"attachment-medium size-medium\" alt=\"\" srcset=\"https:\/\/www.luisdelis.com\/wp-content\/uploads\/2017\/09\/COLLAR-ROSARIO-ANCLA-MARINERA-DE-ONIX-Y-LAVA-VOLC\u00c1NICA.-Rosario-de-Onix-y-Lava-Volc\u00e1nica-Ancla-Marinero-con-Escudo-Alado.COLRO10B-300x300.jpg 300w, https:\/\/www.luisdelis.com\/wp-content\/uploads\/2017\/09\/COLLAR-ROSARIO-ANCLA-MARINERA-DE-ONIX-Y-LAVA-VOLC\u00c1NICA.-Rosario-de-Onix-y-Lava-Volc\u00e1nica-Ancla-Marinero-con-Escudo-Alado.COLRO10B-247x247.jpg 247w, https:\/\/www.luisdelis.com\/wp-content\/uploads\/2017\/09\/COLLAR-ROSARIO-ANCLA-MARINERA-DE-ONIX-Y-LAVA-VOLC\u00c1NICA.-Rosario-de-Onix-y-Lava-Volc\u00e1nica-Ancla-Marinero-con-Escudo-Alado.COLRO10B-100x100.jpg 100w, https:\/\/www.luisdelis.com\/wp-content\/uploads\/2017\/09\/COLLAR-ROSARIO-ANCLA-MARINERA-DE-ONIX-Y-LAVA-VOLC\u00c1NICA.-Rosario-de-Onix-y-Lava-Volc\u00e1nica-Ancla-Marinero-con-Escudo-Alado.COLRO10B-510x510.jpg 510w, https:\/\/www.luisdelis.com\/wp-content\/uploads\/2017\/09\/COLLAR-ROSARIO-ANCLA-MARINERA-DE-ONIX-Y-LAVA-VOLC\u00c1NICA.-Rosario-de-Onix-y-Lava-Volc\u00e1nica-Ancla-Marinero-con-Escudo-Alado.COLRO10B-150x150.jpg 150w, https:\/\/www.luisdelis.com\/wp-content\/uploads\/2017\/09\/COLLAR-ROSARIO-ANCLA-MARINERA-DE-ONIX-Y-LAVA-VOLC\u00c1NICA.-Rosario-de-Onix-y-Lava-Volc\u00e1nica-Ancla-Marinero-con-Escudo-Alado.COLRO10B-768x768.jpg 768w, https:\/\/www.luisdelis.com\/wp-content\/uploads\/2017\/09\/COLLAR-ROSARIO-ANCLA-MARINERA-DE-ONIX-Y-LAVA-VOLC\u00c1NICA.-Rosario-de-Onix-y-Lava-Volc\u00e1nica-Ancla-Marinero-con-Escudo-Alado.COLRO10B.jpg 1024w\" sizes=\"(max-width: 300px) 100vw, 300px\" \/><\/a><\/p>\n"},"caption":{"rendered":""},"alt_text":"","media_type":"image","mime_type":"image\/jpeg","media_details":{"width":1024,"height":1024,"file":"2017\/09\/COLLAR-ROSARIO-ANCLA-MARINERA-DE-ONIX-Y-LAVA-VOLC\u00c1NICA.-Rosario-de-Onix-y-Lava-Volc\u00e1nica-Ancla-Marinero-con-Escudo-Alado.COLRO10B.jpg","sizes":{"woocommerce_thumbnail":{"file":"COLLAR-ROSARIO-ANCLA-MARINERA-DE-ONIX-Y-LAVA-VOLC\u00c1NICA.-Rosario-de-Onix-y-Lava-Volc\u00e1nica-Ancla-Marinero-con-Escudo-Alado.COLRO10B-247x247.jpg","width":247,"height":247,"uncropped":true,"mime_type":"image\/jpeg","source_url":"https:\/\/www.luisdelis.com\/wp-content\/uploads\/2017\/09\/COLLAR-ROSARIO-ANCLA-MARINERA-DE-ONIX-Y-LAVA-VOLC\u00c1NICA.-Rosario-de-Onix-y-Lava-Volc\u00e1nica-Ancla-Marinero-con-Escudo-Alado.COLRO10B-247x247.jpg"},"woocommerce_gallery_thumbnail":{"file":"COLLAR-ROSARIO-ANCLA-MARINERA-DE-ONIX-Y-LAVA-VOLC\u00c1NICA.-Rosario-de-Onix-y-Lava-Volc\u00e1nica-Ancla-Marinero-con-Escudo-Alado.COLRO10B-100x100.jpg","width":100,"height":100,"mime_type":"image\/jpeg","source_url":"https:\/\/www.luisdelis.com\/wp-content\/uploads\/2017\/09\/COLLAR-ROSARIO-ANCLA-MARINERA-DE-ONIX-Y-LAVA-VOLC\u00c1NICA.-Rosario-de-Onix-y-Lava-Volc\u00e1nica-Ancla-Marinero-con-Escudo-Alado.COLRO10B-100x100.jpg"},"woocommerce_single":{"file":"COLLAR-ROSARIO-ANCLA-MARINERA-DE-ONIX-Y-LAVA-VOLC\u00c1NICA.-Rosario-de-Onix-y-Lava-Volc\u00e1nica-Ancla-Marinero-con-Escudo-Alado.COLRO10B-510x510.jpg","width":510,"height":510,"mime_type":"image\/jpeg","source_url":"https:\/\/www.luisdelis.com\/wp-content\/uploads\/2017\/09\/COLLAR-ROSARIO-ANCLA-MARINERA-DE-ONIX-Y-LAVA-VOLC\u00c1NICA.-Rosario-de-Onix-y-Lava-Volc\u00e1nica-Ancla-Marinero-con-Escudo-Alado.COLRO10B-510x510.jpg"},"thumbnail":{"file":"COLLAR-ROSARIO-ANCLA-MARINERA-DE-ONIX-Y-LAVA-VOLC\u00c1NICA.-Rosario-de-Onix-y-Lava-Volc\u00e1nica-Ancla-Marinero-con-Escudo-Alado.COLRO10B-150x150.jpg","width":150,"height":150,"mime_type":"image\/jpeg","source_url":"https:\/\/www.luisdelis.com\/wp-content\/uploads\/2017\/09\/COLLAR-ROSARIO-ANCLA-MARINERA-DE-ONIX-Y-LAVA-VOLC\u00c1NICA.-Rosario-de-Onix-y-Lava-Volc\u00e1nica-Ancla-Marinero-con-Escudo-Alado.COLRO10B-150x150.jpg"},"medium":{"file":"COLLAR-ROSARIO-ANCLA-MARINERA-DE-ONIX-Y-LAVA-VOLC\u00c1NICA.-Rosario-de-Onix-y-Lava-Volc\u00e1nica-Ancla-Marinero-con-Escudo-Alado.COLRO10B-300x300.jpg","width":300,"height":300,"mime_type":"image\/jpeg","source_url":"https:\/\/www.luisdelis.com\/wp-content\/uploads\/2017\/09\/COLLAR-ROSARIO-ANCLA-MARINERA-DE-ONIX-Y-LAVA-VOLC\u00c1NICA.-Rosario-de-Onix-y-Lava-Volc\u00e1nica-Ancla-Marinero-con-Escudo-Alado.COLRO10B-300x300.jpg"},"medium_large":{"file":"COLLAR-ROSARIO-ANCLA-MARINERA-DE-ONIX-Y-LAVA-VOLC\u00c1NICA.-Rosario-de-Onix-y-Lava-Volc\u00e1nica-Ancla-Marinero-con-Escudo-Alado.COLRO10B-768x768.jpg","width":768,"height":768,"mime_type":"image\/jpeg","source_url":"https:\/\/www.luisdelis.com\/wp-content\/uploads\/2017\/09\/COLLAR-ROSARIO-ANCLA-MARINERA-DE-ONIX-Y-LAVA-VOLC\u00c1NICA.-Rosario-de-Onix-y-Lava-Volc\u00e1nica-Ancla-Marinero-con-Escudo-Alado.COLRO10B-768x768.jpg"},"large":{"file":"COLLAR-ROSARIO-ANCLA-MARINERA-DE-ONIX-Y-LAVA-VOLC\u00c1NICA.-Rosario-de-Onix-y-Lava-Volc\u00e1nica-Ancla-Marinero-con-Escudo-Alado.COLRO10B-1024x1024.jpg","width":1024,"height":1024,"mime_type":"image\/jpeg","source_url":"https:\/\/www.luisdelis.com\/wp-content\/uploads\/2017\/09\/COLLAR-ROSARIO-ANCLA-MARINERA-DE-ONIX-Y-LAVA-VOLC\u00c1NICA.-Rosario-de-Onix-y-Lava-Volc\u00e1nica-Ancla-Marinero-con-Escudo-Alado.COLRO10B-1024x1024.jpg"},"shop_thumbnail":{"file":"COLLAR-ROSARIO-ANCLA-MARINERA-DE-ONIX-Y-LAVA-VOLC\u00c1NICA.-Rosario-de-Onix-y-Lava-Volc\u00e1nica-Ancla-Marinero-con-Escudo-Alado.COLRO10B-100x100.jpg","width":100,"height":100,"mime_type":"image\/jpeg","source_url":"https:\/\/www.luisdelis.com\/wp-content\/uploads\/2017\/09\/COLLAR-ROSARIO-ANCLA-MARINERA-DE-ONIX-Y-LAVA-VOLC\u00c1NICA.-Rosario-de-Onix-y-Lava-Volc\u00e1nica-Ancla-Marinero-con-Escudo-Alado.COLRO10B-100x100.jpg"},"shop_catalog":{"file":"COLLAR-ROSARIO-ANCLA-MARINERA-DE-ONIX-Y-LAVA-VOLC\u00c1NICA.-Rosario-de-Onix-y-Lava-Volc\u00e1nica-Ancla-Marinero-con-Escudo-Alado.COLRO10B-247x247.jpg","width":247,"height":247,"uncropped":true,"mime_type":"image\/jpeg","source_url":"https:\/\/www.luisdelis.com\/wp-content\/uploads\/2017\/09\/COLLAR-ROSARIO-ANCLA-MARINERA-DE-ONIX-Y-LAVA-VOLC\u00c1NICA.-Rosario-de-Onix-y-Lava-Volc\u00e1nica-Ancla-Marinero-con-Escudo-Alado.COLRO10B-247x247.jpg"},"shop_single":{"file":"COLLAR-ROSARIO-ANCLA-MARINERA-DE-ONIX-Y-LAVA-VOLC\u00c1NICA.-Rosario-de-Onix-y-Lava-Volc\u00e1nica-Ancla-Marinero-con-Escudo-Alado.COLRO10B-510x510.jpg","width":510,"height":510,"mime_type":"image\/jpeg","source_url":"https:\/\/www.luisdelis.com\/wp-content\/uploads\/2017\/09\/COLLAR-ROSARIO-ANCLA-MARINERA-DE-ONIX-Y-LAVA-VOLC\u00c1NICA.-Rosario-de-Onix-y-Lava-Volc\u00e1nica-Ancla-Marinero-con-Escudo-Alado.COLRO10B-510x510.jpg"},"full":{"file":"COLLAR-ROSARIO-ANCLA-MARINERA-DE-ONIX-Y-LAVA-VOLC\u00c1NICA.-Rosario-de-Onix-y-Lava-Volc\u00e1nica-Ancla-Marinero-con-Escudo-Alado.COLRO10B.jpg","width":1024,"height":1024,"mime_type":"image\/jpeg","source_url":"https:\/\/www.luisdelis.com\/wp-content\/uploads\/2017\/09\/COLLAR-ROSARIO-ANCLA-MARINERA-DE-ONIX-Y-LAVA-VOLC\u00c1NICA.-Rosario-de-Onix-y-Lava-Volc\u00e1nica-Ancla-Marinero-con-Escudo-Alado.COLRO10B.jpg"}},"image_meta":{"aperture":"0","credit":"","camera":"","caption":"","created_timestamp":"0","copyright":"","focal_length":"0","iso":"0","shutter_speed":"0","title":"","orientation":"0","keywords":[]}},"post":3493,"source_url":"https:\/\/www.luisdelis.com\/wp-content\/uploads\/2017\/09\/COLLAR-ROSARIO-ANCLA-MARINERA-DE-ONIX-Y-LAVA-VOLC\u00c1NICA.-Rosario-de-Onix-y-Lava-Volc\u00e1nica-Ancla-Marinero-con-Escudo-Alado.COLRO10B.jpg","_links":{"self":[{"href":"https:\/\/www.luisdelis.com\/en\/wp-json\/wp\/v2\/media\/5672"}],"collection":[{"href":"https:\/\/www.luisdelis.com\/en\/wp-json\/wp\/v2\/media"}],"about":[{"href":"https:\/\/www.luisdelis.com\/en\/wp-json\/wp\/v2\/types\/attachment"}],"author":[{"embeddable":true,"href":"https:\/\/www.luisdelis.com\/en\/wp-json\/wp\/v2\/users\/3"}],"replies":[{"embeddable":true,"href":"https:\/\/www.luisdelis.com\/en\/wp-json\/wp\/v2\/comments?post=5672"}]}}